{"id":1744,"date":"2024-04-25T18:13:06","date_gmt":"2024-04-25T16:13:06","guid":{"rendered":"https:\/\/clinicaoriolcanto.com\/noticies\/"},"modified":"2024-05-30T19:39:30","modified_gmt":"2024-05-30T17:39:30","slug":"noticias","status":"publish","type":"page","link":"https:\/\/clinicaoriolcanto.com\/es\/noticias\/","title":{"rendered":"Noticias"},"content":{"rendered":"\n<div class=\"wp-block-nk-awb nk-awb alignfull nk-awb-fullheight nk-awb-content-valign-center header header--home\"><div class=\"nk-awb-wrap\" style=\"background:#0085ce\" data-awb-type=\"image\" data-awb-image-background-size=\"cover\" data-awb-image-background-position=\"50% 50%\" data-awb-mouse-parallax=\"true\" data-awb-mouse-parallax-size=\"100\" data-awb-mouse-parallax-speed=\"10000\"><div class=\"nk-awb-inner\"><img loading=\"lazy\" decoding=\"async\" src=\"https:\/\/clinicaoriolcanto.com\/wp-content\/uploads\/2024\/04\/header-noticies.webp\" class=\"wp-image-81 jarallax-img\" alt=\"Header not\u00edcies\" width=\"3200\" height=\"2016\" srcset=\"https:\/\/clinicaoriolcanto.com\/wp-content\/uploads\/2024\/04\/header-noticies.webp 3200w, https:\/\/clinicaoriolcanto.com\/wp-content\/uploads\/2024\/04\/header-noticies-500x315.webp 500w, https:\/\/clinicaoriolcanto.com\/wp-content\/uploads\/2024\/04\/header-noticies-800x504.webp 800w, https:\/\/clinicaoriolcanto.com\/wp-content\/uploads\/2024\/04\/header-noticies-1280x806.webp 1280w, https:\/\/clinicaoriolcanto.com\/wp-content\/uploads\/2024\/04\/header-noticies-1920x1210.webp 1920w, https:\/\/clinicaoriolcanto.com\/wp-content\/uploads\/2024\/04\/header-noticies-1200x756.webp 1200w, https:\/\/clinicaoriolcanto.com\/wp-content\/uploads\/2024\/04\/header-noticies-1400x882.webp 1400w, https:\/\/clinicaoriolcanto.com\/wp-content\/uploads\/2024\/04\/header-noticies-300x189.webp 300w\" sizes=\"auto, (max-width: 3200px) 100vw, 3200px\" \/><\/div><\/div><div class=\"nk-awb-wrap-content is-layout-constrained wp-block-nk-awb-is-layout-constrained\"><style>.kb-row-layout-id1744_5c586f-67 > .kt-row-column-wrap{align-content:start;}:where(.kb-row-layout-id1744_5c586f-67 > .kt-row-column-wrap) > .wp-block-kadence-column{justify-content:start;}.kb-row-layout-id1744_5c586f-67 > .kt-row-column-wrap{column-gap:var(--global-kb-gap-md, 2rem);row-gap:var(--global-kb-gap-md, 2rem);padding-top:0px;padding-right:0px;padding-bottom:0px;padding-left:0px;grid-template-columns:minmax(0, 1fr);}.kb-row-layout-id1744_5c586f-67 > .kt-row-layout-overlay{opacity:0.30;}@media all and (max-width: 1024px){.kb-row-layout-id1744_5c586f-67 > .kt-row-column-wrap{grid-template-columns:minmax(0, 1fr);}}@media all and (max-width: 767px){.kb-row-layout-id1744_5c586f-67 > .kt-row-column-wrap{grid-template-columns:minmax(0, 1fr);}}<\/style><div class=\"kb-row-layout-wrap kb-row-layout-id1744_5c586f-67 alignnone container wp-block-kadence-rowlayout\"><div class=\"kt-row-column-wrap kt-has-1-columns kt-row-layout-equal kt-tab-layout-inherit kt-mobile-layout-row kt-row-valign-top\">\n<style>.kadence-column1744_eefbf8-2b > .kt-inside-inner-col,.kadence-column1744_eefbf8-2b > .kt-inside-inner-col:before{border-top-left-radius:0px;border-top-right-radius:0px;border-bottom-right-radius:0px;border-bottom-left-radius:0px;}.kadence-column1744_eefbf8-2b > .kt-inside-inner-col{column-gap:var(--global-kb-gap-sm, 1rem);}.kadence-column1744_eefbf8-2b > .kt-inside-inner-col{flex-direction:column;}.kadence-column1744_eefbf8-2b > .kt-inside-inner-col > .aligncenter{width:100%;}.kadence-column1744_eefbf8-2b > .kt-inside-inner-col:before{opacity:0.3;}.kadence-column1744_eefbf8-2b{position:relative;}@media all and (max-width: 1024px){.kadence-column1744_eefbf8-2b > .kt-inside-inner-col{flex-direction:column;justify-content:center;}}@media all and (max-width: 767px){.kadence-column1744_eefbf8-2b > .kt-inside-inner-col{flex-direction:column;justify-content:center;}}<\/style>\n<div class=\"wp-block-kadence-column kadence-column1744_eefbf8-2b\"><div class=\"kt-inside-inner-col\"><h1 class=\"has-text-align-center has-link-color wp-elements-5c15f29beec0071bb8fddc48a7dd2909 wp-block-post-title has-text-color has-white-color\">Noticias<\/h1>\n\n<style>.wp-block-kadence-advancedheading.kt-adv-heading1744_4ad0be-37, .wp-block-kadence-advancedheading.kt-adv-heading1744_4ad0be-37[data-kb-block=\"kb-adv-heading1744_4ad0be-37\"]{text-align:center;font-style:normal;}.wp-block-kadence-advancedheading.kt-adv-heading1744_4ad0be-37 mark.kt-highlight, .wp-block-kadence-advancedheading.kt-adv-heading1744_4ad0be-37[data-kb-block=\"kb-adv-heading1744_4ad0be-37\"] mark.kt-highlight{font-style:normal;color:#f76a0c;-webkit-box-decoration-break:clone;box-decoration-break:clone;padding-top:0px;padding-right:0px;padding-bottom:0px;padding-left:0px;}.wp-block-kadence-advancedheading.kt-adv-heading1744_4ad0be-37 img.kb-inline-image, .wp-block-kadence-advancedheading.kt-adv-heading1744_4ad0be-37[data-kb-block=\"kb-adv-heading1744_4ad0be-37\"] img.kb-inline-image{width:150px;vertical-align:baseline;}<\/style>\n<h2 class=\"kt-adv-heading1744_4ad0be-37 h5 wp-block-kadence-advancedheading has-white-color has-text-color\" data-kb-block=\"kb-adv-heading1744_4ad0be-37\">Noticias relacionadas con la salud bucodental, nuestros tratamientos y la actualidad de la Cl\u00ednica.<\/h2>\n\n\n\n<div class=\"wp-block-buttons botons is-content-justification-center is-layout-flex wp-container-core-buttons-is-layout-16018d1d wp-block-buttons-is-layout-flex\">\n<div class=\"wp-block-button boto--header anchor\"><a class=\"wp-block-button__link wp-element-button\" href=\"#explora\">Explora<\/a><\/div>\n\n\n\n<div class=\"wp-block-button boto--blanc\"><a class=\"wp-block-button__link wp-element-button\" href=\"https:\/\/clinicaoriolcanto.com\/es\/cita-previa\/\">Pide cita previa<\/a><\/div>\n<\/div>\n<\/div><\/div>\n\n<\/div><\/div><\/div><\/div>\n\n\n<style>.kb-row-layout-id1744_858303-d1 > .kt-row-column-wrap{align-content:start;}:where(.kb-row-layout-id1744_858303-d1 > .kt-row-column-wrap) > .wp-block-kadence-column{justify-content:start;}.kb-row-layout-id1744_858303-d1 > .kt-row-column-wrap{column-gap:140px;row-gap:var(--global-kb-gap-md, 2rem);padding-top:0px;padding-bottom:0px;grid-template-columns:minmax(0, 1fr);}.kb-row-layout-id1744_858303-d1 > .kt-row-layout-overlay{opacity:0.30;}@media all and (max-width: 1024px){.kb-row-layout-id1744_858303-d1 > .kt-row-column-wrap{column-gap:70px;grid-template-columns:minmax(0, 1fr);}}@media all and (max-width: 767px){.kb-row-layout-id1744_858303-d1 > .kt-row-column-wrap{grid-template-columns:minmax(0, 1fr);}}<\/style><div class=\"kb-row-layout-wrap kb-row-layout-id1744_858303-d1 alignnone fila--estatic tractament wp-block-kadence-rowlayout\" id=\"explora\"><div class=\"kt-row-column-wrap kt-has-1-columns kt-row-layout-equal kt-tab-layout-inherit kt-mobile-layout-row kt-row-valign-top\">\n<style>.kadence-column1744_9bc1fe-10 > .kt-inside-inner-col,.kadence-column1744_9bc1fe-10 > .kt-inside-inner-col:before{border-top-left-radius:0px;border-top-right-radius:0px;border-bottom-right-radius:0px;border-bottom-left-radius:0px;}.kadence-column1744_9bc1fe-10 > .kt-inside-inner-col{column-gap:var(--global-kb-gap-sm, 1rem);}.kadence-column1744_9bc1fe-10 > .kt-inside-inner-col{flex-direction:column;}.kadence-column1744_9bc1fe-10 > .kt-inside-inner-col > .aligncenter{width:100%;}.kadence-column1744_9bc1fe-10 > .kt-inside-inner-col:before{opacity:0.3;}.kadence-column1744_9bc1fe-10{position:relative;}@media all and (max-width: 1024px){.kadence-column1744_9bc1fe-10 > .kt-inside-inner-col{flex-direction:column;justify-content:center;}}@media all and (max-width: 767px){.kadence-column1744_9bc1fe-10 > .kt-inside-inner-col{flex-direction:column;justify-content:center;}}<\/style>\n<div class=\"wp-block-kadence-column kadence-column1744_9bc1fe-10\"><div class=\"kt-inside-inner-col\"><div  class=\"ultp-post-grid-block wp-block-ultimate-post-post-grid-1 ultp-block-10d3a5 grid--subhome--noticies\"><div class=\"ultp-block-wrapper\"><div class=\"ultp-loading\"><div class=\"ultp-loading-blocks\" style=\"width:100%;height:100%;\"><div style=\"left: 0;top: 0;animation-delay:0s;\"><\/div><div style=\"left: 21px;top: 0;animation-delay:0.125s;\"><\/div><div style=\"left: 42px;top: 0;animation-delay:0.25s;\"><\/div><div style=\"left: 0;top: 21px;animation-delay:0.875s;\"><\/div><div style=\"left: 42px;top: 21px;animation-delay:0.375s;\"><\/div><div style=\"left: 0;top: 42px;animation-delay:0.75s;\"><\/div><div style=\"left: 42px;top: 42px;animation-delay:0.625s;\"><\/div><div style=\"left: 21px;top: 42px;animation-delay:0.5s;\"><\/div><\/div><\/div><div class=\"ultp-heading-filter\"><div class=\"ultp-heading-filter-in\"><div class=\"ultp-filter-navigation\"><\/div><\/div><\/div><div class=\"ultp-block-items-wrap ultp-block-row ultp-pg1a-style1 ultp-grid1-responsive ultp-block-column-3 ultp-sm-column-2 ultp-xs-column-1 ultp-layout1\"><div class=\"ultp-block-item post-id-1389\"><div class=\"ultp-block-content-wrap\"><div class=\"ultp-block-image ultp-block-image-zoomIn\"><a href=\"https:\/\/clinicaoriolcanto.com\/es\/conferencia-del-dr-oriol-canto-en-las-xxxv-jornadas-ibericas-de-profesores-universitarios-de-prostodoncia\/\" ><img decoding=\"async\"  class=\"ultp-block-image-content\"  alt=\"Confer\u00e8ncia del Dr. Oriol Cant\u00f3 a la XXXV Jornadas Ib\u00e9ricas de Profesores Universitarios de Prostodoncia\"  src=\"https:\/\/clinicaoriolcanto.com\/wp-content\/uploads\/2024\/05\/bilbao.webp\" \/><\/a><\/div><div class=\"ultp-block-content\"><h3 class=\"ultp-block-title \"><a href=\"https:\/\/clinicaoriolcanto.com\/es\/conferencia-del-dr-oriol-canto-en-las-xxxv-jornadas-ibericas-de-profesores-universitarios-de-prostodoncia\/\" >Conferencia del Dr. Oriol Cant\u00f3 en las XXXV Jornadas Ib\u00e9ricas de Profesores Universitarios de Prostodoncia<\/a><\/h3><div class=\"ultp-block-meta ultp-block-meta-dot ultp-block-meta-icon\"><span class=\"ultp-block-date ultp-block-meta-element\"><svg xmlns=\"http:\/\/www.w3.org\/2000\/svg\" fill=\"none\" viewBox=\"0 0 24 24\">\n  <path stroke=\"currentColor\" stroke-linecap=\"round\" stroke-linejoin=\"round\" stroke-width=\"1.5\" d=\"M3 5.5a2 2 0 0 1 2-2h14a2 2 0 0 1 2 2v14a2 2 0 0 1-2 2H5a2 2 0 0 1-2-2v-14ZM8 2v3m8-3v3M3 9h18\"\/>\n<\/svg>\n9.03.2024<\/span><\/div><div class=\"ultp-block-excerpt\">Resumen de las XXXV Jornadas Ib\u00e9ricas de Profesores Universitarios de Prostodoncia en Bilbao. Novedades en IA y adaptaci\u00f3n educativa, un reto profesional.<\/div><\/div><\/div><\/div><div class=\"ultp-block-item post-id-1395\"><div class=\"ultp-block-content-wrap\"><div class=\"ultp-block-image ultp-block-image-zoomIn\"><a href=\"https:\/\/clinicaoriolcanto.com\/es\/conferencia-del-dr-oriol-canto-en-la-universidad-san-carlos-de-guatemala-y-en-el-colegio-estomatologico-de-guatemala\/\" ><img decoding=\"async\"  class=\"ultp-block-image-content\"  alt=\"Confer\u00e8ncia del Dr. Oriol Cant\u00f3 a la Universidad San Carlos de Guatemala\"  src=\"https:\/\/clinicaoriolcanto.com\/wp-content\/uploads\/2024\/05\/guatemala-1.webp\" \/><\/a><\/div><div class=\"ultp-block-content\"><h3 class=\"ultp-block-title \"><a href=\"https:\/\/clinicaoriolcanto.com\/es\/conferencia-del-dr-oriol-canto-en-la-universidad-san-carlos-de-guatemala-y-en-el-colegio-estomatologico-de-guatemala\/\" >Conferencia del Dr. Oriol Cant\u00f3 en la Universidad San Carlos de Guatemala y en el Colegio Estomatol\u00f3gico de Guatemala<\/a><\/h3><div class=\"ultp-block-meta ultp-block-meta-dot ultp-block-meta-icon\"><span class=\"ultp-block-date ultp-block-meta-element\"><svg xmlns=\"http:\/\/www.w3.org\/2000\/svg\" fill=\"none\" viewBox=\"0 0 24 24\">\n  <path stroke=\"currentColor\" stroke-linecap=\"round\" stroke-linejoin=\"round\" stroke-width=\"1.5\" d=\"M3 5.5a2 2 0 0 1 2-2h14a2 2 0 0 1 2 2v14a2 2 0 0 1-2 2H5a2 2 0 0 1-2-2v-14ZM8 2v3m8-3v3M3 9h18\"\/>\n<\/svg>\n21.02.2024<\/span><\/div><div class=\"ultp-block-excerpt\">Resumen de la visita a Guatemala con el Postgrado de Rehabilitaci\u00f3n de la UCAM-PGO. Conferencias a profesionales sobre pr\u00f3tesis dental e implantolog\u00eda.<\/div><\/div><\/div><\/div><div class=\"ultp-block-item post-id-1403\"><div class=\"ultp-block-content-wrap\"><div class=\"ultp-block-image ultp-block-image-zoomIn\"><a href=\"https:\/\/clinicaoriolcanto.com\/es\/conferencia-del-dr-oriol-canto-en-la-universidad-de-buenos-aires\/\" ><img decoding=\"async\"  class=\"ultp-block-image-content\"  alt=\"Confer\u00e8ncia del Dr. Oriol Cant\u00f3 a la Universidad de Buenos Aires\"  src=\"https:\/\/clinicaoriolcanto.com\/wp-content\/uploads\/2024\/05\/buenos-aires.webp\" \/><\/a><\/div><div class=\"ultp-block-content\"><h3 class=\"ultp-block-title \"><a href=\"https:\/\/clinicaoriolcanto.com\/es\/conferencia-del-dr-oriol-canto-en-la-universidad-de-buenos-aires\/\" >Conferencia del dr. Oriol Cant\u00f3 en la Universidad de Buenos Aires<\/a><\/h3><div class=\"ultp-block-meta ultp-block-meta-dot ultp-block-meta-icon\"><span class=\"ultp-block-date ultp-block-meta-element\"><svg xmlns=\"http:\/\/www.w3.org\/2000\/svg\" fill=\"none\" viewBox=\"0 0 24 24\">\n  <path stroke=\"currentColor\" stroke-linecap=\"round\" stroke-linejoin=\"round\" stroke-width=\"1.5\" d=\"M3 5.5a2 2 0 0 1 2-2h14a2 2 0 0 1 2 2v14a2 2 0 0 1-2 2H5a2 2 0 0 1-2-2v-14ZM8 2v3m8-3v3M3 9h18\"\/>\n<\/svg>\n23.11.2023<\/span><\/div><div class=\"ultp-block-excerpt\">Semana de cirug\u00eda y conferencias en la Universidad de Buenos Aires con el M\u00e1ster Modular Cidesid. Experiencia en odontolog\u00eda y rehabilitaci\u00f3n oral.<\/div><\/div><\/div><\/div><div class=\"ultp-block-item post-id-1415\"><div class=\"ultp-block-content-wrap\"><div class=\"ultp-block-image ultp-block-image-zoomIn\"><a href=\"https:\/\/clinicaoriolcanto.com\/es\/conferencia-del-dr-oriol-canto-en-el-colegio-de-dentistas-de-granada\/\" ><img decoding=\"async\"  class=\"ultp-block-image-content\"  alt=\"Dr. Oriol Cant\u00f3\"  src=\"https:\/\/clinicaoriolcanto.com\/wp-content\/uploads\/2024\/05\/oriol-canto.webp\" \/><\/a><\/div><div class=\"ultp-block-content\"><h3 class=\"ultp-block-title \"><a href=\"https:\/\/clinicaoriolcanto.com\/es\/conferencia-del-dr-oriol-canto-en-el-colegio-de-dentistas-de-granada\/\" >Conferencia del dr. Oriol Cant\u00f3 en el Colegio de Dentistas de Granada<\/a><\/h3><div class=\"ultp-block-meta ultp-block-meta-dot ultp-block-meta-icon\"><span class=\"ultp-block-date ultp-block-meta-element\"><svg xmlns=\"http:\/\/www.w3.org\/2000\/svg\" fill=\"none\" viewBox=\"0 0 24 24\">\n  <path stroke=\"currentColor\" stroke-linecap=\"round\" stroke-linejoin=\"round\" stroke-width=\"1.5\" d=\"M3 5.5a2 2 0 0 1 2-2h14a2 2 0 0 1 2 2v14a2 2 0 0 1-2 2H5a2 2 0 0 1-2-2v-14ZM8 2v3m8-3v3M3 9h18\"\/>\n<\/svg>\n12.02.2017<\/span><\/div><div class=\"ultp-block-excerpt\">Conferencia del dr. Oriol Cant\u00f3 el pasado d\u00eda 10 de febrero en el Colegio de Dentistas de Granada.<\/div><\/div><\/div><\/div><div class=\"ultp-block-item post-id-1422\"><div class=\"ultp-block-content-wrap\"><div class=\"ultp-block-image ultp-block-image-zoomIn\"><a href=\"https:\/\/clinicaoriolcanto.com\/es\/tesis-doctoral-dr-oriol-canto\/\" ><img decoding=\"async\" class=\"ultp-block-image-content\" src=\"https:\/\/clinicaoriolcanto.com\/wp-content\/plugins\/ultimate-post\/assets\/img\/ultp-fallback-img.png\" alt=\"dummy-img\" \/><\/a><\/div><div class=\"ultp-block-content\"><h3 class=\"ultp-block-title \"><a href=\"https:\/\/clinicaoriolcanto.com\/es\/tesis-doctoral-dr-oriol-canto\/\" >Tesis doctoral Dr. Oriol Cant\u00f3<\/a><\/h3><div class=\"ultp-block-meta ultp-block-meta-dot ultp-block-meta-icon\"><span class=\"ultp-block-date ultp-block-meta-element\"><svg xmlns=\"http:\/\/www.w3.org\/2000\/svg\" fill=\"none\" viewBox=\"0 0 24 24\">\n  <path stroke=\"currentColor\" stroke-linecap=\"round\" stroke-linejoin=\"round\" stroke-width=\"1.5\" d=\"M3 5.5a2 2 0 0 1 2-2h14a2 2 0 0 1 2 2v14a2 2 0 0 1-2 2H5a2 2 0 0 1-2-2v-14ZM8 2v3m8-3v3M3 9h18\"\/>\n<\/svg>\n28.11.2015<\/span><\/div><div class=\"ultp-block-excerpt\">Evaluaci\u00f3n in-vitro del estr\u00e9s sobre una conexi\u00f3n implante-pilar tipo con morse seg\u00fan el material restaurador.<\/div><\/div><\/div><\/div><div class=\"ultp-block-item post-id-1431\"><div class=\"ultp-block-content-wrap\"><div class=\"ultp-block-image ultp-block-image-zoomIn\"><a href=\"https:\/\/clinicaoriolcanto.com\/es\/conferencia-en-lima\/\" ><img decoding=\"async\" class=\"ultp-block-image-content\" src=\"https:\/\/clinicaoriolcanto.com\/wp-content\/plugins\/ultimate-post\/assets\/img\/ultp-fallback-img.png\" alt=\"dummy-img\" \/><\/a><\/div><div class=\"ultp-block-content\"><h3 class=\"ultp-block-title \"><a href=\"https:\/\/clinicaoriolcanto.com\/es\/conferencia-en-lima\/\" >Conferencia en Lima<\/a><\/h3><div class=\"ultp-block-meta ultp-block-meta-dot ultp-block-meta-icon\"><span class=\"ultp-block-date ultp-block-meta-element\"><svg xmlns=\"http:\/\/www.w3.org\/2000\/svg\" fill=\"none\" viewBox=\"0 0 24 24\">\n  <path stroke=\"currentColor\" stroke-linecap=\"round\" stroke-linejoin=\"round\" stroke-width=\"1.5\" d=\"M3 5.5a2 2 0 0 1 2-2h14a2 2 0 0 1 2 2v14a2 2 0 0 1-2 2H5a2 2 0 0 1-2-2v-14ZM8 2v3m8-3v3M3 9h18\"\/>\n<\/svg>\n28.11.2015<\/span><\/div><div class=\"ultp-block-excerpt\">El Dr. Cant\u00f3 ofreci\u00f3 dos conferencias en Lima (Per\u00fa) en octubre.<\/div><\/div><\/div><\/div><div class=\"ultp-block-item post-id-1437\"><div class=\"ultp-block-content-wrap\"><div class=\"ultp-block-image ultp-block-image-zoomIn\"><a href=\"https:\/\/clinicaoriolcanto.com\/es\/protesis-metal-free\/\" ><img decoding=\"async\"  class=\"ultp-block-image-content\"  alt=\"Implants cer\u00e0mics\"  src=\"https:\/\/clinicaoriolcanto.com\/wp-content\/uploads\/2024\/05\/implants-ceramics.webp\" \/><\/a><\/div><div class=\"ultp-block-content\"><h3 class=\"ultp-block-title \"><a href=\"https:\/\/clinicaoriolcanto.com\/es\/protesis-metal-free\/\" >Pr\u00f3tesis \u201cmetal-free\u201d<\/a><\/h3><div class=\"ultp-block-meta ultp-block-meta-dot ultp-block-meta-icon\"><span class=\"ultp-block-date ultp-block-meta-element\"><svg xmlns=\"http:\/\/www.w3.org\/2000\/svg\" fill=\"none\" viewBox=\"0 0 24 24\">\n  <path stroke=\"currentColor\" stroke-linecap=\"round\" stroke-linejoin=\"round\" stroke-width=\"1.5\" d=\"M3 5.5a2 2 0 0 1 2-2h14a2 2 0 0 1 2 2v14a2 2 0 0 1-2 2H5a2 2 0 0 1-2-2v-14ZM8 2v3m8-3v3M3 9h18\"\/>\n<\/svg>\n28.11.2015<\/span><\/div><div class=\"ultp-block-excerpt\">La Fibra de Carbono, como sustituto de la estructura de metal, nos proporciona, con el recubrimiento de resina o composite, funci\u00f3n y est\u00e9tica, adem\u00e1s de pasividad y reparabilidad.<\/div><\/div><\/div><\/div><div class=\"ultp-block-item post-id-1443\"><div class=\"ultp-block-content-wrap\"><div class=\"ultp-block-image ultp-block-image-zoomIn\"><a href=\"https:\/\/clinicaoriolcanto.com\/es\/conferencia-en-la-universidad-de-los-andes-chile\/\" ><img decoding=\"async\" class=\"ultp-block-image-content\" src=\"https:\/\/clinicaoriolcanto.com\/wp-content\/plugins\/ultimate-post\/assets\/img\/ultp-fallback-img.png\" alt=\"dummy-img\" \/><\/a><\/div><div class=\"ultp-block-content\"><h3 class=\"ultp-block-title \"><a href=\"https:\/\/clinicaoriolcanto.com\/es\/conferencia-en-la-universidad-de-los-andes-chile\/\" >Conferencia en la Universidad de los Andes, Chile<\/a><\/h3><div class=\"ultp-block-meta ultp-block-meta-dot ultp-block-meta-icon\"><span class=\"ultp-block-date ultp-block-meta-element\"><svg xmlns=\"http:\/\/www.w3.org\/2000\/svg\" fill=\"none\" viewBox=\"0 0 24 24\">\n  <path stroke=\"currentColor\" stroke-linecap=\"round\" stroke-linejoin=\"round\" stroke-width=\"1.5\" d=\"M3 5.5a2 2 0 0 1 2-2h14a2 2 0 0 1 2 2v14a2 2 0 0 1-2 2H5a2 2 0 0 1-2-2v-14ZM8 2v3m8-3v3M3 9h18\"\/>\n<\/svg>\n2.11.2014<\/span><\/div><div class=\"ultp-block-excerpt\">El pasado d\u00eda 18 de octubre, el dr. Oriol Cant\u00f3 ofreci\u00f3 una conferencia en la Universidad de los Andes, Chile.<\/div><\/div><\/div><\/div><div class=\"ultp-block-item post-id-1448\"><div class=\"ultp-block-content-wrap\"><div class=\"ultp-block-image ultp-block-image-zoomIn\"><a href=\"https:\/\/clinicaoriolcanto.com\/es\/facebook\/\" ><img decoding=\"async\" class=\"ultp-block-image-content\" src=\"https:\/\/clinicaoriolcanto.com\/wp-content\/plugins\/ultimate-post\/assets\/img\/ultp-fallback-img.png\" alt=\"dummy-img\" \/><\/a><\/div><div class=\"ultp-block-content\"><h3 class=\"ultp-block-title \"><a href=\"https:\/\/clinicaoriolcanto.com\/es\/facebook\/\" >Facebook<\/a><\/h3><div class=\"ultp-block-meta ultp-block-meta-dot ultp-block-meta-icon\"><span class=\"ultp-block-date ultp-block-meta-element\"><svg xmlns=\"http:\/\/www.w3.org\/2000\/svg\" fill=\"none\" viewBox=\"0 0 24 24\">\n  <path stroke=\"currentColor\" stroke-linecap=\"round\" stroke-linejoin=\"round\" stroke-width=\"1.5\" d=\"M3 5.5a2 2 0 0 1 2-2h14a2 2 0 0 1 2 2v14a2 2 0 0 1-2 2H5a2 2 0 0 1-2-2v-14ZM8 2v3m8-3v3M3 9h18\"\/>\n<\/svg>\n2.11.2014<\/span><\/div><div class=\"ultp-block-excerpt\">Desde ahora, nos puede seguir en Facebook.<\/div><\/div><\/div><\/div><div class=\"ultp-block-item post-id-1452\"><div class=\"ultp-block-content-wrap\"><div class=\"ultp-block-image ultp-block-image-zoomIn\"><a href=\"https:\/\/clinicaoriolcanto.com\/es\/curso-de-protesis-implantologica-en-malaga\/\" ><img decoding=\"async\" class=\"ultp-block-image-content\" src=\"https:\/\/clinicaoriolcanto.com\/wp-content\/plugins\/ultimate-post\/assets\/img\/ultp-fallback-img.png\" alt=\"dummy-img\" \/><\/a><\/div><div class=\"ultp-block-content\"><h3 class=\"ultp-block-title \"><a href=\"https:\/\/clinicaoriolcanto.com\/es\/curso-de-protesis-implantologica-en-malaga\/\" >Curso de pr\u00f3tesis Implantol\u00f3gica en M\u00e1laga<\/a><\/h3><div class=\"ultp-block-meta ultp-block-meta-dot ultp-block-meta-icon\"><span class=\"ultp-block-date ultp-block-meta-element\"><svg xmlns=\"http:\/\/www.w3.org\/2000\/svg\" fill=\"none\" viewBox=\"0 0 24 24\">\n  <path stroke=\"currentColor\" stroke-linecap=\"round\" stroke-linejoin=\"round\" stroke-width=\"1.5\" d=\"M3 5.5a2 2 0 0 1 2-2h14a2 2 0 0 1 2 2v14a2 2 0 0 1-2 2H5a2 2 0 0 1-2-2v-14ZM8 2v3m8-3v3M3 9h18\"\/>\n<\/svg>\n27.06.2014<\/span><\/div><div class=\"ultp-block-excerpt\">Curso de pr\u00f3tesis Implantol\u00f3gica dentro del Master de implantolog\u00eda de la Universidad de Almer\u00eda.<\/div><\/div><\/div><\/div><div class=\"ultp-block-item post-id-1457\"><div class=\"ultp-block-content-wrap\"><div class=\"ultp-block-image ultp-block-image-zoomIn\"><a href=\"https:\/\/clinicaoriolcanto.com\/es\/curso-de-protesis-implantologica-en-madrid\/\" ><img decoding=\"async\" class=\"ultp-block-image-content\" src=\"https:\/\/clinicaoriolcanto.com\/wp-content\/plugins\/ultimate-post\/assets\/img\/ultp-fallback-img.png\" alt=\"dummy-img\" \/><\/a><\/div><div class=\"ultp-block-content\"><h3 class=\"ultp-block-title \"><a href=\"https:\/\/clinicaoriolcanto.com\/es\/curso-de-protesis-implantologica-en-madrid\/\" >Curso de pr\u00f3tesis Implantol\u00f3gica en Madrid<\/a><\/h3><div class=\"ultp-block-meta ultp-block-meta-dot ultp-block-meta-icon\"><span class=\"ultp-block-date ultp-block-meta-element\"><svg xmlns=\"http:\/\/www.w3.org\/2000\/svg\" fill=\"none\" viewBox=\"0 0 24 24\">\n  <path stroke=\"currentColor\" stroke-linecap=\"round\" stroke-linejoin=\"round\" stroke-width=\"1.5\" d=\"M3 5.5a2 2 0 0 1 2-2h14a2 2 0 0 1 2 2v14a2 2 0 0 1-2 2H5a2 2 0 0 1-2-2v-14ZM8 2v3m8-3v3M3 9h18\"\/>\n<\/svg>\n14.06.2014<\/span><\/div><div class=\"ultp-block-excerpt\">El dr. Cant\u00f3 dict\u00f3 un curso de Pr\u00f3tesis Implantol\u00f3gica invitado por la C\u00e1tedra de Salud y Excelencia de la Universidad Complutense de Madrid.<\/div><\/div><\/div><\/div><div class=\"ultp-block-item post-id-1463\"><div class=\"ultp-block-content-wrap\"><div class=\"ultp-block-image ultp-block-image-zoomIn\"><a href=\"https:\/\/clinicaoriolcanto.com\/es\/promocion-de-verano\/\" ><img decoding=\"async\" class=\"ultp-block-image-content\" src=\"https:\/\/clinicaoriolcanto.com\/wp-content\/plugins\/ultimate-post\/assets\/img\/ultp-fallback-img.png\" alt=\"dummy-img\" \/><\/a><\/div><div class=\"ultp-block-content\"><h3 class=\"ultp-block-title \"><a href=\"https:\/\/clinicaoriolcanto.com\/es\/promocion-de-verano\/\" >Promoci\u00f3n de verano<\/a><\/h3><div class=\"ultp-block-meta ultp-block-meta-dot ultp-block-meta-icon\"><span class=\"ultp-block-date ultp-block-meta-element\"><svg xmlns=\"http:\/\/www.w3.org\/2000\/svg\" fill=\"none\" viewBox=\"0 0 24 24\">\n  <path stroke=\"currentColor\" stroke-linecap=\"round\" stroke-linejoin=\"round\" stroke-width=\"1.5\" d=\"M3 5.5a2 2 0 0 1 2-2h14a2 2 0 0 1 2 2v14a2 2 0 0 1-2 2H5a2 2 0 0 1-2-2v-14ZM8 2v3m8-3v3M3 9h18\"\/>\n<\/svg>\n13.05.2014<\/span><\/div><div class=\"ultp-block-excerpt\">Cl\u00ednica Oriol Cant\u00f3 te ofrece un pack especial de verano.<\/div><\/div><\/div><\/div><div class=\"ultp-block-item post-id-1468\"><div class=\"ultp-block-content-wrap\"><div class=\"ultp-block-image ultp-block-image-zoomIn\"><a href=\"https:\/\/clinicaoriolcanto.com\/es\/odontopediatria-es\/\" ><img decoding=\"async\"  class=\"ultp-block-image-content\"  alt=\"Odontopediatria\"  src=\"https:\/\/clinicaoriolcanto.com\/wp-content\/uploads\/2014\/05\/odontopediatria.webp\" \/><\/a><\/div><div class=\"ultp-block-content\"><h3 class=\"ultp-block-title \"><a href=\"https:\/\/clinicaoriolcanto.com\/es\/odontopediatria-es\/\" >Odontopediatr\u00eda<\/a><\/h3><div class=\"ultp-block-meta ultp-block-meta-dot ultp-block-meta-icon\"><span class=\"ultp-block-date ultp-block-meta-element\"><svg xmlns=\"http:\/\/www.w3.org\/2000\/svg\" fill=\"none\" viewBox=\"0 0 24 24\">\n  <path stroke=\"currentColor\" stroke-linecap=\"round\" stroke-linejoin=\"round\" stroke-width=\"1.5\" d=\"M3 5.5a2 2 0 0 1 2-2h14a2 2 0 0 1 2 2v14a2 2 0 0 1-2 2H5a2 2 0 0 1-2-2v-14ZM8 2v3m8-3v3M3 9h18\"\/>\n<\/svg>\n13.05.2014<\/span><\/div><div class=\"ultp-block-excerpt\">Ahora que llega el verano y comienzan las vacaciones, recuerda que es conveniente tener los dientes bien limpios y sanos.<\/div><\/div><\/div><\/div><div class=\"ultp-block-item post-id-1476\"><div class=\"ultp-block-content-wrap\"><div class=\"ultp-block-image ultp-block-image-zoomIn\"><a href=\"https:\/\/clinicaoriolcanto.com\/es\/participacion-en-el-iii-simposium-mis-iberica\/\" ><img decoding=\"async\" class=\"ultp-block-image-content\" src=\"https:\/\/clinicaoriolcanto.com\/wp-content\/plugins\/ultimate-post\/assets\/img\/ultp-fallback-img.png\" alt=\"dummy-img\" \/><\/a><\/div><div class=\"ultp-block-content\"><h3 class=\"ultp-block-title \"><a href=\"https:\/\/clinicaoriolcanto.com\/es\/participacion-en-el-iii-simposium-mis-iberica\/\" >Participaci\u00f3n en el III Simposium MIS Iberica<\/a><\/h3><div class=\"ultp-block-meta ultp-block-meta-dot ultp-block-meta-icon\"><span class=\"ultp-block-date ultp-block-meta-element\"><svg xmlns=\"http:\/\/www.w3.org\/2000\/svg\" fill=\"none\" viewBox=\"0 0 24 24\">\n  <path stroke=\"currentColor\" stroke-linecap=\"round\" stroke-linejoin=\"round\" stroke-width=\"1.5\" d=\"M3 5.5a2 2 0 0 1 2-2h14a2 2 0 0 1 2 2v14a2 2 0 0 1-2 2H5a2 2 0 0 1-2-2v-14ZM8 2v3m8-3v3M3 9h18\"\/>\n<\/svg>\n26.03.2014<\/span><\/div><div class=\"ultp-block-excerpt\">El pasado d\u00eda 7 de marzo tuvo lugar el III Simposium organizado por MIS Ib\u00e9rica en la ciudad de Bilbao.<\/div><\/div><\/div><\/div><div class=\"ultp-block-item post-id-1481\"><div class=\"ultp-block-content-wrap\"><div class=\"ultp-block-image ultp-block-image-zoomIn\"><a href=\"https:\/\/clinicaoriolcanto.com\/es\/reunion-internacional\/\" ><img decoding=\"async\" class=\"ultp-block-image-content\" src=\"https:\/\/clinicaoriolcanto.com\/wp-content\/plugins\/ultimate-post\/assets\/img\/ultp-fallback-img.png\" alt=\"dummy-img\" \/><\/a><\/div><div class=\"ultp-block-content\"><h3 class=\"ultp-block-title \"><a href=\"https:\/\/clinicaoriolcanto.com\/es\/reunion-internacional\/\" >Reuni\u00f3n Internacional<\/a><\/h3><div class=\"ultp-block-meta ultp-block-meta-dot ultp-block-meta-icon\"><span class=\"ultp-block-date ultp-block-meta-element\"><svg xmlns=\"http:\/\/www.w3.org\/2000\/svg\" fill=\"none\" viewBox=\"0 0 24 24\">\n  <path stroke=\"currentColor\" stroke-linecap=\"round\" stroke-linejoin=\"round\" stroke-width=\"1.5\" d=\"M3 5.5a2 2 0 0 1 2-2h14a2 2 0 0 1 2 2v14a2 2 0 0 1-2 2H5a2 2 0 0 1-2-2v-14ZM8 2v3m8-3v3M3 9h18\"\/>\n<\/svg>\n25.03.2014<\/span><\/div><div class=\"ultp-block-excerpt\">El dr. Oriol Cant\u00f3 particip\u00f3, el pasado 1 de marzo, en una reuni\u00f3n internacional con un reducido grupo de profesor universitarios suizos y austriacos.<\/div><\/div><\/div><\/div><\/div><div class=\"ultp-pagination-wrap ultp-pagination-ajax-action\" data-paged=\"1\" data-expost=\"\"  data-blockid=\"10d3a5\" data-postid=\"1744\" data-pages=\"2\" data-blockname=\"ultimate-post_post-grid-1\" data-selfpostid=\"yes\"><ul class=\"ultp-pagination\"><li class=\"ultp-prev-page-numbers\" style=\"display:none\"><a href=\"https:\/\/clinicaoriolcanto.com\/es\/wp-json\/wp\/v2\/pages\/1744\/\"><svg xmlns=\"http:\/\/www.w3.org\/2000\/svg\" fill=\"none\" viewBox=\"0 0 24 24\">\n  <path stroke=\"currentColor\" stroke-linecap=\"round\" stroke-linejoin=\"round\" stroke-width=\"1.5\" d=\"m15 18-6-6 6-6\"\/>\n<\/svg>\n <\/a><\/li><li class=\"ultp-center-item pagination-active\" data-current=\"1\"><a href=\"https:\/\/clinicaoriolcanto.com\/es\/wp-json\/wp\/v2\/pages\/1744\/\">1<\/a><\/li><li class=\"ultp-center-item\" data-current=\"2\" ><a href=\"https:\/\/clinicaoriolcanto.com\/es\/wp-json\/wp\/v2\/pages\/1744\/page\/2\/\">2<\/a><\/li><li class=\"ultp-last-dot\" style=\"display:none\"><a href=\"#\">&#8230;<\/a><\/li><li class=\"ultp-next-page-numbers\"><a href=\"https:\/\/clinicaoriolcanto.com\/es\/wp-json\/wp\/v2\/pages\/1744\/page\/2\/\"><svg xmlns=\"http:\/\/www.w3.org\/2000\/svg\" fill=\"none\" viewBox=\"0 0 24 24\">\n  <path stroke=\"currentColor\" stroke-linecap=\"round\" stroke-linejoin=\"round\" stroke-width=\"1.5\" d=\"m9 18 6-6-6-6\"\/>\n<\/svg>\n<\/a><\/li><\/ul><\/div><\/div><div class=\"pagination-block-html\" aria-hidden=\"true\" style=\"display: none;\"><\/div><\/div><\/div><\/div>\n\n<\/div><\/div>","protected":false},"excerpt":{"rendered":"<p>Noticias relacionadas con la salud bucodental, nuestros tratamientos y la actualidad de la Cl\u00ednica.<\/p>\n","protected":false},"author":1,"featured_media":0,"parent":0,"menu_order":0,"comment_status":"closed","ping_status":"closed","template":"templates\/template-builder.php","meta":{"inline_featured_image":false,"footnotes":""},"class_list":["post-1744","page","type-page","status-publish","hentry","post","without-featured-image"],"_links":{"self":[{"href":"https:\/\/clinicaoriolcanto.com\/es\/wp-json\/wp\/v2\/pages\/1744","targetHints":{"allow":["GET"]}}],"collection":[{"href":"https:\/\/clinicaoriolcanto.com\/es\/wp-json\/wp\/v2\/pages"}],"about":[{"href":"https:\/\/clinicaoriolcanto.com\/es\/wp-json\/wp\/v2\/types\/page"}],"author":[{"embeddable":true,"href":"https:\/\/clinicaoriolcanto.com\/es\/wp-json\/wp\/v2\/users\/1"}],"replies":[{"embeddable":true,"href":"https:\/\/clinicaoriolcanto.com\/es\/wp-json\/wp\/v2\/comments?post=1744"}],"version-history":[{"count":4,"href":"https:\/\/clinicaoriolcanto.com\/es\/wp-json\/wp\/v2\/pages\/1744\/revisions"}],"predecessor-version":[{"id":1909,"href":"https:\/\/clinicaoriolcanto.com\/es\/wp-json\/wp\/v2\/pages\/1744\/revisions\/1909"}],"wp:attachment":[{"href":"https:\/\/clinicaoriolcanto.com\/es\/wp-json\/wp\/v2\/media?parent=1744"}],"curies":[{"name":"wp","href":"https:\/\/api.w.org\/{rel}","templated":true}]}}